{"id":4201,"date":"2021-10-08T09:53:27","date_gmt":"2021-10-08T07:53:27","guid":{"rendered":"https:\/\/www.altechkachels.com\/unkategorisiert\/grande-nobles-plus-pelletofen\/"},"modified":"2022-03-02T14:39:22","modified_gmt":"2022-03-02T12:39:22","slug":"grande-nobles-pellet-plus","status":"publish","type":"product","link":"https:\/\/www.altechkachels.com\/de\/pelletofen\/nobles-pellet-de\/grande-nobles-pellet-plus\/","title":{"rendered":"Grande Nobl\u00e8s Plus Pelletofen"},"content":{"rendered":"<p>Die Pellet\u00f6fen von Altech, so auch der Grande Nobl\u00e8s Plus, sind mit einem patentierten Mikrovergasungssystem ausgestattet, das eine saubere Verbrennung und eine sehr hohe Effizienz gew\u00e4hrleistet. Die Altech Pellet\u00f6fen funktionieren (genau Specksteinholz\u00f6fen) mit verf\u00fcgbarem Sauerstoff und dem nat\u00fcrlichen Luftzug im Schornstein. Mit diesem Stromlosen Verbrennungssystem werden keine Ventilatoren ben\u00f6tigt. So sind nervige Ger\u00e4usche oder St\u00f6rungen Geschichte.   <\/p>\n<h3>Genie\u00dfen Sie das Flammenspiel in vollen Z\u00fcgen<\/h3>\n<p>Neben der wohltuenden und intensiven W\u00e4rme des Altech Grande Nobl\u00e8s Plus Pelletofens, k\u00f6nnen Sie mit diesem Modell auch das sch\u00f6ne Flammenspiel in vollen Z\u00fcgen genie\u00dfen. Denn der Grande Nobl\u00e8s Plus Pelletofen hat einen gro\u00dfen Rahmen, der eine gute Sicht auf das Feuer erm\u00f6glicht. <\/p>\n<h3>Mehrere Farben und Optionen erh\u00e4ltlich<\/h3>\n<p>Der Altech Grande Nobl\u00e8s Plus Pelletofen ist in zwei Farben erh\u00e4ltlich: Naturspeckstein und einfarbig Schwarz. Das Gusseisen ist standardm\u00e4\u00dfig anthrazit. Gegen Aufpreis ist auch eine andere Farbe des Gusseisens m\u00f6glich. Der Nobl\u00e8s ist standardm\u00e4\u00dfig ein Front-Pelletofen und mit einem 2,5-Kilogramm-Pelletbrenner ausgestattet.   <\/p>\n<h3>Neugierig auf den Altech Grande Nobl\u00e8s Plus Specksteinpelletofen?<\/h3>\n<p>Erleben Sie die wunderbare W\u00e4rme am eigenen Leib und bewundern Sie diesen Ofen im Showroom bei einem unserer H\u00e4ndler.<\/p>\n","protected":false},"excerpt":{"rendered":"<p>Der Altech Grande Nobl\u00e8s Plus Pelletofen ist der gro\u00dfe Bruder des Nobl\u00e8s Pelletofens und bietet alles, was man von einem Specksteinofen erwarten darf. Der Grande Nobl\u00e8s Plus Pelletofen eignet sich prima f\u00fcr ein isoliertes modernes Zuhause. Unter anderem wegen der 5,5 cm dicken Specksteinverkleidung k\u00f6nnen Sie sogar noch stundenlang nach dem Erl\u00f6schen des Feuers eine wunderbar sanfte W\u00e4rme genie\u00dfen.   So geht sparsames und verantwortungsvolles Heizen mit Pellets!<\/p>\n","protected":false},"featured_media":4621,"comment_status":"open","ping_status":"closed","template":"","meta":{"_acf_changed":false,"_et_pb_use_builder":"","_et_pb_old_content":"","_et_gb_content_width":"","inline_featured_image":false},"product_brand":[],"product_cat":[108,98],"product_tag":[],"class_list":{"0":"post-4201","1":"product","2":"type-product","3":"status-publish","4":"has-post-thumbnail","6":"product_cat-nobles-pellet-de","7":"product_cat-pelletofen","9":"first","10":"instock","11":"shipping-taxable","12":"product-type-simple"},"acf":[],"_links":{"self":[{"href":"https:\/\/www.altechkachels.com\/de\/wp-json\/wp\/v2\/product\/4201","targetHints":{"allow":["GET"]}}],"collection":[{"href":"https:\/\/www.altechkachels.com\/de\/wp-json\/wp\/v2\/product"}],"about":[{"href":"https:\/\/www.altechkachels.com\/de\/wp-json\/wp\/v2\/types\/product"}],"replies":[{"embeddable":true,"href":"https:\/\/www.altechkachels.com\/de\/wp-json\/wp\/v2\/comments?post=4201"}],"wp:featuredmedia":[{"embeddable":true,"href":"https:\/\/www.altechkachels.com\/de\/wp-json\/wp\/v2\/media\/4621"}],"wp:attachment":[{"href":"https:\/\/www.altechkachels.com\/de\/wp-json\/wp\/v2\/media?parent=4201"}],"wp:term":[{"taxonomy":"product_brand","embeddable":true,"href":"https:\/\/www.altechkachels.com\/de\/wp-json\/wp\/v2\/product_brand?post=4201"},{"taxonomy":"product_cat","embeddable":true,"href":"https:\/\/www.altechkachels.com\/de\/wp-json\/wp\/v2\/product_cat?post=4201"},{"taxonomy":"product_tag","embeddable":true,"href":"https:\/\/www.altechkachels.com\/de\/wp-json\/wp\/v2\/product_tag?post=4201"}],"curies":[{"name":"wp","href":"https:\/\/api.w.org\/{rel}","templated":true}]}}